{"id":924,"date":"2015-11-22T17:29:14","date_gmt":"2015-11-22T17:29:14","guid":{"rendered":"http:\/\/globalenachbarn.org\/?page_id=924"},"modified":"2016-09-30T13:42:27","modified_gmt":"2016-09-30T13:42:27","slug":"kita-gente-valente","status":"publish","type":"page","link":"https:\/\/globalenachbarn.org\/?page_id=924","title":{"rendered":"KiTa Gente Valente"},"content":{"rendered":"<p><a href=\"http:\/\/globalenachbarn.org\/wp-content\/uploads\/2015\/11\/t_so8_3297.jpg\"><img loading=\"lazy\" decoding=\"async\" class=\"alignleft size-medium wp-image-864\" src=\"http:\/\/globalenachbarn.org\/wp-content\/uploads\/2015\/11\/t_so8_3297-300x200.jpg\" alt=\"t_so8_3297\" width=\"300\" height=\"200\" srcset=\"https:\/\/globalenachbarn.org\/wp-content\/uploads\/2015\/11\/t_so8_3297-300x200.jpg 300w, https:\/\/globalenachbarn.org\/wp-content\/uploads\/2015\/11\/t_so8_3297-150x100.jpg 150w, https:\/\/globalenachbarn.org\/wp-content\/uploads\/2015\/11\/t_so8_3297.jpg 1600w, https:\/\/globalenachbarn.org\/wp-content\/uploads\/2015\/11\/t_so8_3297-690x462.jpg 690w, https:\/\/globalenachbarn.org\/wp-content\/uploads\/2015\/11\/t_so8_3297-390x261.jpg 390w\" sizes=\"auto, (max-width: 300px) 100vw, 300px\" \/><\/a>Das Zentrum Gente Valente (&#8222;wertvolle Leute&#8220;) bietet 170 Kindern im Alter von 3 Monaten bis 10 Jahren eine Ganztagsbetreuung. Die Mitarbeiterinnen leisten dies fast ausschlie\u00dflich mit ehrenamtlichem Einsatz, da die B\u00fcrgermeister von Sobradinho der privat organisierten Einrichtung bisher aus politischen Gr\u00fcnden eine nennenswerte Unterst\u00fctzung versagten (<a href=\"http:\/\/globalenachbarn.org\/?p=773\">s. Schwierige Zeiten<\/a>).<\/p>\n<p>Das Projekt wurde 1988 durch Ordensschwestern angesto\u00dfen (siehe <a href=\"http:\/\/globalenachbarn.org\/?p=946\">Geschichte<\/a>) und wird heute von der \u00f6rtlichen Stiftung \u201cAntonita Bandres\u201d (s. FUNAB) getragen.<\/p>\n<p>Die Einrichtung steht auf drei ehemaligen Privatgrundst\u00fccken und umfasst<\/p>\n<ul>\n<li>eine <a href=\"http:\/\/globalenachbarn.org\/?p=775\">Kinderkrippe,<\/a><\/li>\n<li>Gruppenr\u00e4ume f\u00fcr Vor- und Grundschulkinder (<a href=\"http:\/\/globalenachbarn.org\/?p=1153\">Einweihung Hortgeb\u00e4ude<\/a>),<\/li>\n<li>eine K\u00fcche mit gro\u00dfem Essraum,<\/li>\n<li>einen Mitarbeiterbereich und<\/li>\n<li>einen ausgedehnten Innenhof, in dem sich ein <a href=\"http:\/\/globalenachbarn.org\/?p=1274\">Spielplatz<\/a> und ein <a href=\"http:\/\/globalenachbarn.org\/?p=1281\">\u00fcberdachter Bereich <\/a>befinden.<\/li>\n<\/ul>\n<p>Einzelheiten zu allen Einrichtungen der Kindertagesst\u00e4tte (s. Einrichtungen KiTa).<\/p>\n<div class=\"pt-cv-wrapper\"><div class=\"pt-cv-view pt-cv-grid pt-cv-colsys\" id=\"pt-cv-view-2eb1c73755\"><div data-id=\"pt-cv-page-1\" class=\"pt-cv-page\" data-cvc=\"2\"><div class=\"col-md-6 col-sm-6 col-xs-12 pt-cv-content-item pt-cv-1-col\" ><div class='pt-cv-ifield'><a href=\"https:\/\/globalenachbarn.org\/?p=3223\" class=\"_self pt-cv-href-thumbnail pt-cv-thumb-default\" target=\"_self\" ><img loading=\"lazy\" decoding=\"async\" width=\"300\" height=\"225\" src=\"https:\/\/globalenachbarn.org\/wp-content\/uploads\/2022\/10\/DSCN8740-1-300x225.jpg\" class=\"pt-cv-thumbnail\" alt=\"\" srcset=\"https:\/\/globalenachbarn.org\/wp-content\/uploads\/2022\/10\/DSCN8740-1-300x225.jpg 300w, https:\/\/globalenachbarn.org\/wp-content\/uploads\/2022\/10\/DSCN8740-1-500x375.jpg 500w, https:\/\/globalenachbarn.org\/wp-content\/uploads\/2022\/10\/DSCN8740-1-150x113.jpg 150w, https:\/\/globalenachbarn.org\/wp-content\/uploads\/2022\/10\/DSCN8740-1-768x576.jpg 768w, https:\/\/globalenachbarn.org\/wp-content\/uploads\/2022\/10\/DSCN8740-1-1536x1152.jpg 1536w, https:\/\/globalenachbarn.org\/wp-content\/uploads\/2022\/10\/DSCN8740-1.jpg 2000w\" sizes=\"auto, (max-width: 300px) 100vw, 300px\" \/><\/a>\n<h4 class=\"pt-cv-title\"><a href=\"https:\/\/globalenachbarn.org\/?p=3223\" class=\"_self\" target=\"_self\" >Galerie: Der &#8222;Tag des Kindes&#8220; in Gente Valente<\/a><\/h4>\n<div class=\"pt-cv-content\">Der internationale Tag des Kindes ist seit vielen Jahren ein besonderer H\u00f6hepunkt f\u00fcr die Kinder und Mitarbeiterinnen von Gente Valente ...<br \/><div class=\"pt-cv-rmwrap\"><a href=\"https:\/\/globalenachbarn.org\/?p=3223\" class=\"_self pt-cv-readmore btn btn-success\" target=\"_self\">Weiterlesen \u2026<\/a><\/div><\/div><\/div><\/div>\n<div class=\"col-md-6 col-sm-6 col-xs-12 pt-cv-content-item pt-cv-1-col\" ><div class='pt-cv-ifield'><a href=\"https:\/\/globalenachbarn.org\/?p=3037\" class=\"_self pt-cv-href-thumbnail pt-cv-thumb-default\" target=\"_self\" ><img loading=\"lazy\" decoding=\"async\" width=\"300\" height=\"225\" src=\"https:\/\/globalenachbarn.org\/wp-content\/uploads\/2022\/10\/DSCN8659-300x225.jpg\" class=\"pt-cv-thumbnail\" alt=\"Gemeinsame Feier mit APAE\" srcset=\"https:\/\/globalenachbarn.org\/wp-content\/uploads\/2022\/10\/DSCN8659-300x225.jpg 300w, https:\/\/globalenachbarn.org\/wp-content\/uploads\/2022\/10\/DSCN8659-500x375.jpg 500w, https:\/\/globalenachbarn.org\/wp-content\/uploads\/2022\/10\/DSCN8659-150x113.jpg 150w, https:\/\/globalenachbarn.org\/wp-content\/uploads\/2022\/10\/DSCN8659-768x576.jpg 768w, https:\/\/globalenachbarn.org\/wp-content\/uploads\/2022\/10\/DSCN8659-1536x1152.jpg 1536w, https:\/\/globalenachbarn.org\/wp-content\/uploads\/2022\/10\/DSCN8659.jpg 2000w\" sizes=\"auto, (max-width: 300px) 100vw, 300px\" \/><\/a>\n<h4 class=\"pt-cv-title\"><a href=\"https:\/\/globalenachbarn.org\/?p=3037\" class=\"_self\" target=\"_self\" >Die soziale Wirklichkeit<\/a><\/h4>\n<div class=\"pt-cv-content\">Sobradinho, 10.10.2023 Diesen Tag beginnen wir recht fr\u00fch in Gente Valente. Dort beginnt jeder Morgen mit einer Andacht f\u00fcr die ...<br \/><div class=\"pt-cv-rmwrap\"><a href=\"https:\/\/globalenachbarn.org\/?p=3037\" class=\"_self pt-cv-readmore btn btn-success\" target=\"_self\">Weiterlesen \u2026<\/a><\/div><\/div><\/div><\/div>\n<div class=\"col-md-6 col-sm-6 col-xs-12 pt-cv-content-item pt-cv-1-col\" ><div class='pt-cv-ifield'><a href=\"https:\/\/globalenachbarn.org\/?p=2813\" class=\"_self pt-cv-href-thumbnail pt-cv-thumb-default\" target=\"_self\" ><img loading=\"lazy\" decoding=\"async\" width=\"300\" height=\"225\" src=\"https:\/\/globalenachbarn.org\/wp-content\/uploads\/2022\/10\/DSCN7960-300x225.jpg\" class=\"pt-cv-thumbnail\" alt=\"\" srcset=\"https:\/\/globalenachbarn.org\/wp-content\/uploads\/2022\/10\/DSCN7960-300x225.jpg 300w, https:\/\/globalenachbarn.org\/wp-content\/uploads\/2022\/10\/DSCN7960-500x375.jpg 500w, https:\/\/globalenachbarn.org\/wp-content\/uploads\/2022\/10\/DSCN7960-150x113.jpg 150w, https:\/\/globalenachbarn.org\/wp-content\/uploads\/2022\/10\/DSCN7960-768x576.jpg 768w, https:\/\/globalenachbarn.org\/wp-content\/uploads\/2022\/10\/DSCN7960-1536x1152.jpg 1536w, https:\/\/globalenachbarn.org\/wp-content\/uploads\/2022\/10\/DSCN7960.jpg 2000w\" sizes=\"auto, (max-width: 300px) 100vw, 300px\" \/><\/a>\n<h4 class=\"pt-cv-title\"><a href=\"https:\/\/globalenachbarn.org\/?p=2813\" class=\"_self\" target=\"_self\" >Galerie: Thementag am Monatsende<\/a><\/h4>\n<div class=\"pt-cv-content\">Die Bibel ...<br \/><div class=\"pt-cv-rmwrap\"><a href=\"https:\/\/globalenachbarn.org\/?p=2813\" class=\"_self pt-cv-readmore btn btn-success\" target=\"_self\">Weiterlesen \u2026<\/a><\/div><\/div><\/div><\/div>\n<div class=\"col-md-6 col-sm-6 col-xs-12 pt-cv-content-item pt-cv-1-col\" ><div class='pt-cv-ifield'><a href=\"https:\/\/globalenachbarn.org\/?p=2362\" class=\"_self pt-cv-href-thumbnail pt-cv-thumb-default\" target=\"_self\" ><\/a>\n<h4 class=\"pt-cv-title\"><a href=\"https:\/\/globalenachbarn.org\/?p=2362\" class=\"_self\" target=\"_self\" >Gente Valente trotz Corona<\/a><\/h4>\n<div class=\"pt-cv-content\">Notizen eines Gespr\u00e4chs von Guido Hinz mit Marta Maria de Souza Am Ende eines recht turbulenten Jahres haben Marta und ...<br \/><div class=\"pt-cv-rmwrap\"><a href=\"https:\/\/globalenachbarn.org\/?p=2362\" class=\"_self pt-cv-readmore btn btn-success\" target=\"_self\">Weiterlesen \u2026<\/a><\/div><\/div><\/div><\/div>\n<div class=\"col-md-6 col-sm-6 col-xs-12 pt-cv-content-item pt-cv-1-col\" ><div class='pt-cv-ifield'><a href=\"https:\/\/globalenachbarn.org\/?p=1932\" class=\"_self pt-cv-href-thumbnail pt-cv-thumb-default\" target=\"_self\" ><\/a>\n<h4 class=\"pt-cv-title\"><a href=\"https:\/\/globalenachbarn.org\/?p=1932\" class=\"_self\" target=\"_self\" >Rundgang durch Gente Valente<\/a><\/h4>\n<div class=\"pt-cv-content\">Die Kindertagesst\u00e4tte begann auf einem kleinen Privatgrundst\u00fcck mit einem Geb\u00e4ude. \u00dcber die Jahre konnte die Stiftung zwei Nachbargrundst\u00fccke hinzukaufen und ...<br \/><div class=\"pt-cv-rmwrap\"><a href=\"https:\/\/globalenachbarn.org\/?p=1932\" class=\"_self pt-cv-readmore btn btn-success\" target=\"_self\">Weiterlesen \u2026<\/a><\/div><\/div><\/div><\/div>\n<div class=\"col-md-6 col-sm-6 col-xs-12 pt-cv-content-item pt-cv-1-col\" ><div class='pt-cv-ifield'><a href=\"https:\/\/globalenachbarn.org\/?p=946\" class=\"_self pt-cv-href-thumbnail pt-cv-thumb-default\" target=\"_self\" ><img loading=\"lazy\" decoding=\"async\" width=\"300\" height=\"200\" src=\"https:\/\/globalenachbarn.org\/wp-content\/uploads\/2015\/11\/t_so8_3297-300x200.jpg\" class=\"pt-cv-thumbnail\" alt=\"\" srcset=\"https:\/\/globalenachbarn.org\/wp-content\/uploads\/2015\/11\/t_so8_3297-300x200.jpg 300w, https:\/\/globalenachbarn.org\/wp-content\/uploads\/2015\/11\/t_so8_3297-150x100.jpg 150w, https:\/\/globalenachbarn.org\/wp-content\/uploads\/2015\/11\/t_so8_3297.jpg 1600w, https:\/\/globalenachbarn.org\/wp-content\/uploads\/2015\/11\/t_so8_3297-690x462.jpg 690w, https:\/\/globalenachbarn.org\/wp-content\/uploads\/2015\/11\/t_so8_3297-390x261.jpg 390w\" sizes=\"auto, (max-width: 300px) 100vw, 300px\" \/><\/a>\n<h4 class=\"pt-cv-title\"><a href=\"https:\/\/globalenachbarn.org\/?p=946\" class=\"_self\" target=\"_self\" >Die Kindertagesst\u00e4tte<\/a><\/h4>\n<div class=\"pt-cv-content\">Die Geschichte von Gente Valente in Sobradinho ...<br \/><div class=\"pt-cv-rmwrap\"><a href=\"https:\/\/globalenachbarn.org\/?p=946\" class=\"_self pt-cv-readmore btn btn-success\" target=\"_self\">Weiterlesen \u2026<\/a><\/div><\/div><\/div><\/div>\n<div class=\"col-md-6 col-sm-6 col-xs-12 pt-cv-content-item pt-cv-1-col\" ><div class='pt-cv-ifield'><a href=\"https:\/\/globalenachbarn.org\/?p=933\" class=\"_self pt-cv-href-thumbnail pt-cv-thumb-default\" target=\"_self\" ><img loading=\"lazy\" decoding=\"async\" width=\"300\" height=\"225\" src=\"https:\/\/globalenachbarn.org\/wp-content\/uploads\/2015\/12\/agua_de_coco-300x225.jpg\" class=\"pt-cv-thumbnail\" alt=\"\" srcset=\"https:\/\/globalenachbarn.org\/wp-content\/uploads\/2015\/12\/agua_de_coco-300x225.jpg 300w, https:\/\/globalenachbarn.org\/wp-content\/uploads\/2015\/12\/agua_de_coco-150x113.jpg 150w, https:\/\/globalenachbarn.org\/wp-content\/uploads\/2015\/12\/agua_de_coco-500x375.jpg 500w, https:\/\/globalenachbarn.org\/wp-content\/uploads\/2015\/12\/agua_de_coco.jpg 1200w\" sizes=\"auto, (max-width: 300px) 100vw, 300px\" \/><\/a>\n<h4 class=\"pt-cv-title\"><a href=\"https:\/\/globalenachbarn.org\/?p=933\" class=\"_self\" target=\"_self\" >Spa\u00df in Gente Valente<\/a><\/h4>\n<div class=\"pt-cv-content\">In der Kindertagesst\u00e4tte Gente Valente kommt der Spa\u00df nicht zu kurz Neben den t\u00e4glichen Spiel- und Bewegungseinheiten werden mit den ...<br \/><div class=\"pt-cv-rmwrap\"><a href=\"https:\/\/globalenachbarn.org\/?p=933\" class=\"_self pt-cv-readmore btn btn-success\" target=\"_self\">Weiterlesen \u2026<\/a><\/div><\/div><\/div><\/div><\/div><\/div><\/div>\n","protected":false},"excerpt":{"rendered":"<p>Das Zentrum Gente Valente (&#8222;wertvolle Leute&#8220;) bietet 170 Kindern im Alter von 3 Monaten bis 10 Jahren eine Ganztagsbetreuung. Die Mitarbeiterinnen leisten dies fast ausschlie\u00dflich mit ehrenamtlichem Einsatz, da die <a class=\"more-link\" href=\"https:\/\/globalenachbarn.org\/?page_id=924\">Weiter lesen \u2192<\/a><\/p>\n","protected":false},"author":2,"featured_media":0,"parent":0,"menu_order":1,"comment_status":"closed","ping_status":"closed","template":"","meta":{"footnotes":""},"class_list":["post-924","page","type-page","status-publish","hentry"],"_links":{"self":[{"href":"https:\/\/globalenachbarn.org\/index.php?rest_route=\/wp\/v2\/pages\/924","targetHints":{"allow":["GET"]}}],"collection":[{"href":"https:\/\/globalenachbarn.org\/index.php?rest_route=\/wp\/v2\/pages"}],"about":[{"href":"https:\/\/globalenachbarn.org\/index.php?rest_route=\/wp\/v2\/types\/page"}],"author":[{"embeddable":true,"href":"https:\/\/globalenachbarn.org\/index.php?rest_route=\/wp\/v2\/users\/2"}],"replies":[{"embeddable":true,"href":"https:\/\/globalenachbarn.org\/index.php?rest_route=%2Fwp%2Fv2%2Fcomments&post=924"}],"version-history":[{"count":6,"href":"https:\/\/globalenachbarn.org\/index.php?rest_route=\/wp\/v2\/pages\/924\/revisions"}],"predecessor-version":[{"id":2131,"href":"https:\/\/globalenachbarn.org\/index.php?rest_route=\/wp\/v2\/pages\/924\/revisions\/2131"}],"wp:attachment":[{"href":"https:\/\/globalenachbarn.org\/index.php?rest_route=%2Fwp%2Fv2%2Fmedia&parent=924"}],"curies":[{"name":"wp","href":"https:\/\/api.w.org\/{rel}","templated":true}]}}